{"id":745,"date":"2023-05-16T13:51:32","date_gmt":"2023-05-16T12:51:32","guid":{"rendered":"https:\/\/fundacionpedrofarnes.org\/producto\/monicions-i-oracions-salmiques\/"},"modified":"2023-11-03T10:50:02","modified_gmt":"2023-11-03T09:50:02","slug":"monicions-i-oracions-salmiques","status":"publish","type":"product","link":"https:\/\/fundacionpedrofarnes.org\/ca\/producto\/monicions-i-oracions-salmiques\/","title":{"rendered":"Monicions i oracions s\u00e0lmiques"},"content":{"rendered":"<h2><strong>Sinopsis<\/strong><\/h2>\n<p>Monicions i Oracions S\u00e0lmiques <strong>no \u00e9s un llibre nou<\/strong>. Va ser editat per primera vegada en castell\u00e0 a la Col\u00b7lecci\u00f3 Lletra i Esperit del Centre de Pastoral Lit\u00fargica de Barcelona i publicat per l&#8217;extinta Editorial Regina (en catal\u00e0 va ser editat per Editorial Claret, i existeixen encara alguns exemplars).<\/p>\n<p>En algunes<strong> altres lleng\u00fces<\/strong> ha estat tamb\u00e9 publicada (fins i tot sense notificar-nos-ho i amb sorpresa per part nostra). Aquestes edicions tenen el greu <strong>inconvenient<\/strong> que les oracions s\u00e0lmiques no reprodueixen literalment les paraules del salm a la respectiva versi\u00f3 oficial de cada llengua, i per aix\u00f2 en<strong> aquestes versions resulta dif\u00edcil relacionar la col\u00b7lecta s\u00e0lmica amb el text b\u00edblic<\/strong> que s&#8217;acaba de recitar.<\/p>\n<p class=\"h2 mt-3\"><strong>Consideracions<\/strong><\/p>\n<p>En <strong>castell\u00e0 Editorial Regina<\/strong> va imprimir aquest volum fins a<strong> 15 edicions<\/strong>, l&#8217;\u00faltima d&#8217;elles l&#8217;any 2000; per\u00f2 fa anys, totes aquestes edicions estan <strong>esgotades<\/strong>. Per aix\u00f2, i davant la insist\u00e8ncia de no pocs usuaris d&#8217;aquest petit llibret, hem decidit tornar-lo a<strong> publicar a la Col\u00b7lecci\u00f3 Lit\u00fargia Fovenda d&#8217;aquesta Fundaci\u00f3<\/strong>, recentment, fundada per un grup d&#8217;amics amb l&#8217;objectiu d&#8217;anar publicant preferentment alguns escrits del <strong>P. Farn\u00e8s<\/strong>. Entre aquestes publicacions s&#8217;ha volgut, doncs,<strong> editar novament el volum Monicions i Oracions S\u00e0lmiques<\/strong>.<\/p>\n<p>En aquesta edici\u00f3 <strong>no s&#8217;han introdu\u00eft grans variacions<\/strong>, ja que ni l&#8217;edat ni l&#8217;estat de salut de l&#8217;autor permetien un rep\u00e0s en profunditat d&#8217;un llibre que, encara que petit, \u00e9s relativament extens.<\/p>\n<p>Per fer enviaments fora d&#8217;Espanya, no dubtis a posar-te en <a href=\"https:\/\/fundacionpedrofarnes.org\/ca\/contacte\/\">contacte amb nosaltres<\/a>.<\/p>\n","protected":false},"excerpt":{"rendered":"<p>Monicions i Oracions S\u00e0lmiques no \u00e9s un llibre nou. Va ser editat per primera vegada en castell\u00e0 a la Col\u00b7lecci\u00f3 Lletra i Esperit del Centre de Pastoral Lit\u00fargica<\/p>\n","protected":false},"featured_media":675,"template":"","meta":{"_acf_changed":false,"_monsterinsights_skip_tracking":false,"_monsterinsights_sitenote_active":false,"_monsterinsights_sitenote_note":"","_monsterinsights_sitenote_category":0},"product_brand":[],"product_cat":[61],"class_list":{"0":"post-745","1":"product","2":"type-product","3":"status-publish","4":"has-post-thumbnail","6":"product_cat-llibres","8":"first","9":"instock","10":"shipping-taxable","11":"purchasable","12":"product-type-simple"},"acf":[],"yoast_head":"<!-- This site is optimized with the Yoast SEO plugin v26.2 - https:\/\/yoast.com\/wordpress\/plugins\/seo\/ -->\n<title>Monicions i oracions s\u00e0lmiques | Fundaci\u00f3 Pedro Farn\u00e9s<\/title>\n<meta name=\"description\" content=\"Obra reeditada despr\u00e9s de les seves 15 edicions exitoses. Un referent lit\u00fargic que destaca la import\u00e0ncia de les oracions s\u00e0lmiques en el context b\u00edblic.\" \/>\n<meta name=\"robots\" content=\"noindex, follow, max-snippet:-1, max-image-preview:large, max-video-preview:-1\" \/>\n<meta property=\"og:locale\" content=\"ca_ES\" \/>\n<meta property=\"og:type\" content=\"article\" \/>\n<meta property=\"og:title\" content=\"Monicions i oracions s\u00e0lmiques | Fundaci\u00f3 Pedro Farn\u00e9s\" \/>\n<meta property=\"og:description\" content=\"Obra reeditada despr\u00e9s de les seves 15 edicions exitoses. Un referent lit\u00fargic que destaca la import\u00e0ncia de les oracions s\u00e0lmiques en el context b\u00edblic.\" \/>\n<meta property=\"og:url\" content=\"https:\/\/fundacionpedrofarnes.org\/ca\/producto\/monicions-i-oracions-salmiques\/\" \/>\n<meta property=\"og:site_name\" content=\"Fundaci\u00f3 Pedro Farn\u00e9s\" \/>\n<meta property=\"article:modified_time\" content=\"2023-11-03T09:50:02+00:00\" \/>\n<meta property=\"og:image\" content=\"https:\/\/fundacionpedrofarnes.org\/wp-content\/uploads\/2023\/05\/moniciones-y-oraciones.png\" \/>\n\t<meta property=\"og:image:width\" content=\"600\" \/>\n\t<meta property=\"og:image:height\" content=\"900\" \/>\n\t<meta property=\"og:image:type\" content=\"image\/png\" \/>\n<meta name=\"twitter:card\" content=\"summary_large_image\" \/>\n<meta name=\"twitter:title\" content=\"Monicions i oracions s\u00e0lmiques | Fundaci\u00f3 Pedro Farn\u00e9s\" \/>\n<meta name=\"twitter:description\" content=\"Obra reeditada despr\u00e9s de les seves 15 edicions exitoses. Un referent lit\u00fargic que destaca la import\u00e0ncia de les oracions s\u00e0lmiques en el context b\u00edblic.\" \/>\n<meta name=\"twitter:image\" content=\"https:\/\/fundacionpedrofarnes.org\/wp-content\/uploads\/2023\/05\/moniciones-y-oraciones.png\" \/>\n<meta name=\"twitter:label1\" content=\"Temps estimat de lectura\" \/>\n\t<meta name=\"twitter:data1\" content=\"2 minuts\" \/>\n<script type=\"application\/ld+json\" class=\"yoast-schema-graph\">{\"@context\":\"https:\/\/schema.org\",\"@graph\":[{\"@type\":\"WebPage\",\"@id\":\"https:\/\/fundacionpedrofarnes.org\/ca\/producto\/monicions-i-oracions-salmiques\/\",\"url\":\"https:\/\/fundacionpedrofarnes.org\/ca\/producto\/monicions-i-oracions-salmiques\/\",\"name\":\"Monicions i oracions s\u00e0lmiques | Fundaci\u00f3 Pedro Farn\u00e9s\",\"isPartOf\":{\"@id\":\"https:\/\/fundacionpedrofarnes.org\/ca\/#website\"},\"primaryImageOfPage\":{\"@id\":\"https:\/\/fundacionpedrofarnes.org\/ca\/producto\/monicions-i-oracions-salmiques\/#primaryimage\"},\"image\":{\"@id\":\"https:\/\/fundacionpedrofarnes.org\/ca\/producto\/monicions-i-oracions-salmiques\/#primaryimage\"},\"thumbnailUrl\":\"https:\/\/fundacionpedrofarnes.org\/wp-content\/uploads\/2023\/05\/moniciones-y-oraciones.png\",\"datePublished\":\"2023-05-16T12:51:32+00:00\",\"dateModified\":\"2023-11-03T09:50:02+00:00\",\"description\":\"Obra reeditada despr\u00e9s de les seves 15 edicions exitoses. Un referent lit\u00fargic que destaca la import\u00e0ncia de les oracions s\u00e0lmiques en el context b\u00edblic.\",\"breadcrumb\":{\"@id\":\"https:\/\/fundacionpedrofarnes.org\/ca\/producto\/monicions-i-oracions-salmiques\/#breadcrumb\"},\"inLanguage\":\"ca\",\"potentialAction\":[{\"@type\":\"ReadAction\",\"target\":[\"https:\/\/fundacionpedrofarnes.org\/ca\/producto\/monicions-i-oracions-salmiques\/\"]}]},{\"@type\":\"ImageObject\",\"inLanguage\":\"ca\",\"@id\":\"https:\/\/fundacionpedrofarnes.org\/ca\/producto\/monicions-i-oracions-salmiques\/#primaryimage\",\"url\":\"https:\/\/fundacionpedrofarnes.org\/wp-content\/uploads\/2023\/05\/moniciones-y-oraciones.png\",\"contentUrl\":\"https:\/\/fundacionpedrofarnes.org\/wp-content\/uploads\/2023\/05\/moniciones-y-oraciones.png\",\"width\":600,\"height\":900,\"caption\":\"Llibre \\\"Moniciones y oraciones s\u00e1lmicas\\\"\"},{\"@type\":\"BreadcrumbList\",\"@id\":\"https:\/\/fundacionpedrofarnes.org\/ca\/producto\/monicions-i-oracions-salmiques\/#breadcrumb\",\"itemListElement\":[{\"@type\":\"ListItem\",\"position\":1,\"name\":\"Home\",\"item\":\"https:\/\/fundacionpedrofarnes.org\/ca\/\"},{\"@type\":\"ListItem\",\"position\":2,\"name\":\"Botiga\",\"item\":\"https:\/\/fundacionpedrofarnes.org\/ca\/botiga\/\"},{\"@type\":\"ListItem\",\"position\":3,\"name\":\"Monicions i oracions s\u00e0lmiques\"}]},{\"@type\":\"WebSite\",\"@id\":\"https:\/\/fundacionpedrofarnes.org\/ca\/#website\",\"url\":\"https:\/\/fundacionpedrofarnes.org\/ca\/\",\"name\":\"Fundaci\u00f3 Pedro Farn\u00e9s\",\"description\":\"\",\"publisher\":{\"@id\":\"https:\/\/fundacionpedrofarnes.org\/ca\/#organization\"},\"potentialAction\":[{\"@type\":\"SearchAction\",\"target\":{\"@type\":\"EntryPoint\",\"urlTemplate\":\"https:\/\/fundacionpedrofarnes.org\/ca\/?s={search_term_string}\"},\"query-input\":{\"@type\":\"PropertyValueSpecification\",\"valueRequired\":true,\"valueName\":\"search_term_string\"}}],\"inLanguage\":\"ca\"},{\"@type\":\"Organization\",\"@id\":\"https:\/\/fundacionpedrofarnes.org\/ca\/#organization\",\"name\":\"Fundaci\u00f3 Pedro Farn\u00e9s\",\"url\":\"https:\/\/fundacionpedrofarnes.org\/ca\/\",\"logo\":{\"@type\":\"ImageObject\",\"inLanguage\":\"ca\",\"@id\":\"https:\/\/fundacionpedrofarnes.org\/ca\/#\/schema\/logo\/image\/\",\"url\":\"https:\/\/fundacionpedrofarnes.org\/wp-content\/uploads\/2023\/04\/logo.png\",\"contentUrl\":\"https:\/\/fundacionpedrofarnes.org\/wp-content\/uploads\/2023\/04\/logo.png\",\"width\":92,\"height\":64,\"caption\":\"Fundaci\u00f3 Pedro Farn\u00e9s\"},\"image\":{\"@id\":\"https:\/\/fundacionpedrofarnes.org\/ca\/#\/schema\/logo\/image\/\"}}]}<\/script>\n<!-- \/ Yoast SEO plugin. -->","yoast_head_json":{"title":"Monicions i oracions s\u00e0lmiques | Fundaci\u00f3 Pedro Farn\u00e9s","description":"Obra reeditada despr\u00e9s de les seves 15 edicions exitoses. Un referent lit\u00fargic que destaca la import\u00e0ncia de les oracions s\u00e0lmiques en el context b\u00edblic.","robots":{"index":"noindex","follow":"follow","max-snippet":"max-snippet:-1","max-image-preview":"max-image-preview:large","max-video-preview":"max-video-preview:-1"},"og_locale":"ca_ES","og_type":"article","og_title":"Monicions i oracions s\u00e0lmiques | Fundaci\u00f3 Pedro Farn\u00e9s","og_description":"Obra reeditada despr\u00e9s de les seves 15 edicions exitoses. Un referent lit\u00fargic que destaca la import\u00e0ncia de les oracions s\u00e0lmiques en el context b\u00edblic.","og_url":"https:\/\/fundacionpedrofarnes.org\/ca\/producto\/monicions-i-oracions-salmiques\/","og_site_name":"Fundaci\u00f3 Pedro Farn\u00e9s","article_modified_time":"2023-11-03T09:50:02+00:00","og_image":[{"width":600,"height":900,"url":"https:\/\/fundacionpedrofarnes.org\/wp-content\/uploads\/2023\/05\/moniciones-y-oraciones.png","type":"image\/png"}],"twitter_card":"summary_large_image","twitter_title":"Monicions i oracions s\u00e0lmiques | Fundaci\u00f3 Pedro Farn\u00e9s","twitter_description":"Obra reeditada despr\u00e9s de les seves 15 edicions exitoses. Un referent lit\u00fargic que destaca la import\u00e0ncia de les oracions s\u00e0lmiques en el context b\u00edblic.","twitter_image":"https:\/\/fundacionpedrofarnes.org\/wp-content\/uploads\/2023\/05\/moniciones-y-oraciones.png","twitter_misc":{"Temps estimat de lectura":"2 minuts"},"schema":{"@context":"https:\/\/schema.org","@graph":[{"@type":"WebPage","@id":"https:\/\/fundacionpedrofarnes.org\/ca\/producto\/monicions-i-oracions-salmiques\/","url":"https:\/\/fundacionpedrofarnes.org\/ca\/producto\/monicions-i-oracions-salmiques\/","name":"Monicions i oracions s\u00e0lmiques | Fundaci\u00f3 Pedro Farn\u00e9s","isPartOf":{"@id":"https:\/\/fundacionpedrofarnes.org\/ca\/#website"},"primaryImageOfPage":{"@id":"https:\/\/fundacionpedrofarnes.org\/ca\/producto\/monicions-i-oracions-salmiques\/#primaryimage"},"image":{"@id":"https:\/\/fundacionpedrofarnes.org\/ca\/producto\/monicions-i-oracions-salmiques\/#primaryimage"},"thumbnailUrl":"https:\/\/fundacionpedrofarnes.org\/wp-content\/uploads\/2023\/05\/moniciones-y-oraciones.png","datePublished":"2023-05-16T12:51:32+00:00","dateModified":"2023-11-03T09:50:02+00:00","description":"Obra reeditada despr\u00e9s de les seves 15 edicions exitoses. Un referent lit\u00fargic que destaca la import\u00e0ncia de les oracions s\u00e0lmiques en el context b\u00edblic.","breadcrumb":{"@id":"https:\/\/fundacionpedrofarnes.org\/ca\/producto\/monicions-i-oracions-salmiques\/#breadcrumb"},"inLanguage":"ca","potentialAction":[{"@type":"ReadAction","target":["https:\/\/fundacionpedrofarnes.org\/ca\/producto\/monicions-i-oracions-salmiques\/"]}]},{"@type":"ImageObject","inLanguage":"ca","@id":"https:\/\/fundacionpedrofarnes.org\/ca\/producto\/monicions-i-oracions-salmiques\/#primaryimage","url":"https:\/\/fundacionpedrofarnes.org\/wp-content\/uploads\/2023\/05\/moniciones-y-oraciones.png","contentUrl":"https:\/\/fundacionpedrofarnes.org\/wp-content\/uploads\/2023\/05\/moniciones-y-oraciones.png","width":600,"height":900,"caption":"Llibre \"Moniciones y oraciones s\u00e1lmicas\""},{"@type":"BreadcrumbList","@id":"https:\/\/fundacionpedrofarnes.org\/ca\/producto\/monicions-i-oracions-salmiques\/#breadcrumb","itemListElement":[{"@type":"ListItem","position":1,"name":"Home","item":"https:\/\/fundacionpedrofarnes.org\/ca\/"},{"@type":"ListItem","position":2,"name":"Botiga","item":"https:\/\/fundacionpedrofarnes.org\/ca\/botiga\/"},{"@type":"ListItem","position":3,"name":"Monicions i oracions s\u00e0lmiques"}]},{"@type":"WebSite","@id":"https:\/\/fundacionpedrofarnes.org\/ca\/#website","url":"https:\/\/fundacionpedrofarnes.org\/ca\/","name":"Fundaci\u00f3 Pedro Farn\u00e9s","description":"","publisher":{"@id":"https:\/\/fundacionpedrofarnes.org\/ca\/#organization"},"potentialAction":[{"@type":"SearchAction","target":{"@type":"EntryPoint","urlTemplate":"https:\/\/fundacionpedrofarnes.org\/ca\/?s={search_term_string}"},"query-input":{"@type":"PropertyValueSpecification","valueRequired":true,"valueName":"search_term_string"}}],"inLanguage":"ca"},{"@type":"Organization","@id":"https:\/\/fundacionpedrofarnes.org\/ca\/#organization","name":"Fundaci\u00f3 Pedro Farn\u00e9s","url":"https:\/\/fundacionpedrofarnes.org\/ca\/","logo":{"@type":"ImageObject","inLanguage":"ca","@id":"https:\/\/fundacionpedrofarnes.org\/ca\/#\/schema\/logo\/image\/","url":"https:\/\/fundacionpedrofarnes.org\/wp-content\/uploads\/2023\/04\/logo.png","contentUrl":"https:\/\/fundacionpedrofarnes.org\/wp-content\/uploads\/2023\/04\/logo.png","width":92,"height":64,"caption":"Fundaci\u00f3 Pedro Farn\u00e9s"},"image":{"@id":"https:\/\/fundacionpedrofarnes.org\/ca\/#\/schema\/logo\/image\/"}}]}},"_links":{"self":[{"href":"https:\/\/fundacionpedrofarnes.org\/ca\/wp-json\/wp\/v2\/product\/745","targetHints":{"allow":["GET"]}}],"collection":[{"href":"https:\/\/fundacionpedrofarnes.org\/ca\/wp-json\/wp\/v2\/product"}],"about":[{"href":"https:\/\/fundacionpedrofarnes.org\/ca\/wp-json\/wp\/v2\/types\/product"}],"wp:featuredmedia":[{"embeddable":true,"href":"https:\/\/fundacionpedrofarnes.org\/ca\/wp-json\/wp\/v2\/media\/675"}],"wp:attachment":[{"href":"https:\/\/fundacionpedrofarnes.org\/ca\/wp-json\/wp\/v2\/media?parent=745"}],"wp:term":[{"taxonomy":"product_brand","embeddable":true,"href":"https:\/\/fundacionpedrofarnes.org\/ca\/wp-json\/wp\/v2\/product_brand?post=745"},{"taxonomy":"product_cat","embeddable":true,"href":"https:\/\/fundacionpedrofarnes.org\/ca\/wp-json\/wp\/v2\/product_cat?post=745"}],"curies":[{"name":"wp","href":"https:\/\/api.w.org\/{rel}","templated":true}]}}