{"id":741,"date":"2023-05-16T13:51:42","date_gmt":"2023-05-16T12:51:42","guid":{"rendered":"https:\/\/fundacionpedrofarnes.org\/producto\/millorar-les-celebracions-i-aprofundir-ne-el-significat\/"},"modified":"2023-11-03T10:41:46","modified_gmt":"2023-11-03T09:41:46","slug":"millorar-les-celebracions-i-aprofundir-ne-el-significat","status":"publish","type":"product","link":"https:\/\/fundacionpedrofarnes.org\/ca\/producto\/millorar-les-celebracions-i-aprofundir-ne-el-significat\/","title":{"rendered":"Millorar les celebracions i aprofundir-ne el significat."},"content":{"rendered":"<h2><strong>Sinopsis<\/strong><\/h2>\n<p><strong>Escrits que des de l&#8217;any 1991 fins al 2008<\/strong> fins i tot, han anat apareixent al calendari de l&#8217;Any Lit\u00fargic.<\/p>\n<p>En aquests escrits es descobreixen dues coses de l&#8217;autor i que revelen la seva<strong> espiritualitat profunda:<\/strong> apareix <strong>l&#8217;amor fidel a l&#8217;Esgl\u00e9sia<\/strong>, fins i tot en les coses m\u00e9s petites. I, en qui ha escrit totes aquestes notes, tamb\u00e9 apareix una <strong>viv\u00e8ncia espiritual molt intensa de la celebraci\u00f3 de l&#8217;Eucaristia<\/strong>. No s\u00f3n nom\u00e9s afirmacions d&#8217;una persona s\u00e0via i entesa a Lit\u00fargia; s\u00f3n expressions tamb\u00e9 d&#8217;un prevere per a qui la <strong>celebraci\u00f3 de l&#8217;Eucaristia i dels altres sagraments s\u00f3n vida de la seva vida<\/strong>.<\/p>\n<p class=\"h2 mt-3\"><strong>Consideracions<\/strong><\/p>\n<p>En aquests escrits apareix la<strong> sorpresa i fins i tot el fervor<\/strong> davant les meravelles que se celebren a la <strong>Lit\u00fargia<\/strong>. Com demanava el <strong>Papa Joan Pau II<\/strong>:<em> \u00abAquesta sorpresa ha d&#8217;inundar sempre l&#8217;Esgl\u00e9sia, reunida a la celebraci\u00f3 eucar\u00edstica. Per\u00f2 especialment al ministre de l&#8217;Eucaristia\u00bb (Ecclesia d&#8217;Eucharistia 5 b). <\/em><\/p>\n<p>El <strong>papa Benet<\/strong>, per la seva banda deia tamb\u00e9 als bisbes del Brasil, el divendres 11 de maig de 2007: <em>\u00ab\u00c9s necess\u00e0ria una aplicaci\u00f3 m\u00e9s correcta dels principis indicats pel Concili Vatic\u00e0 IL, incloent-hi les disposicions contingudes al<strong> Directori per als Bisbes<\/strong> ( 145-151), amb el prop\u00f2sit de <strong>tornar a la Lit\u00fargia el seu car\u00e0cter sagrat<\/strong>\u00bb.<\/em> Aquest pensament del Papa apareix com a inundant i penetrant cadascun dels punts que l&#8217;autor tracta.<\/p>\n<p><strong>L&#8217;amor a l&#8217;Esgl\u00e9sia i la celebraci\u00f3 de la Lit\u00fargia de l&#8217;Esgl\u00e9sia<\/strong>, porten e<strong>l P. Farn\u00e9s<\/strong>, a deixar de banda les seves opinions i saviesa i a viure i fer viure all\u00f2 que escrivia<strong> Joan Pau II<\/strong> i fa seu el<strong> Papa Benet<\/strong> parlant als bisbes del Brasil:<em> \u201cLa Lit\u00fargia mai no \u00e9s propietat privada d&#8217;alg\u00fa, ni del celebrant ni de la comunitat en qu\u00e8 se celebren els Ministeris. El sacerdot que celebra fidelment la Missa segons les normes lit\u00fargiques i la comunitat que s&#8217;hi adequa, demostren de manera silenciosa per\u00f2 eloq\u00fcent el seu amor per l&#8217;Esgl\u00e9sia\u201d (Ecclesia d&#8217;Eucharistia 52 b).<\/em><\/p>\n<p>I afegia el <strong>Papa Benet<\/strong> als bisbes:<em> \u201cRedescobrir i valorar l&#8217;obedi\u00e8ncia a les normes lit\u00fargiques per part dels Bisbes, com a \u201cmoderadors de la vida lit\u00fargica de l&#8217;Esgl\u00e9sia\u201d, significa donar testimoni de la mateixa Esgl\u00e9sia, una i universal, que presideix a la caritat\u201d.<\/em><\/p>\n<p>Per fer enviaments fora d&#8217;Espanya, no dubtis a posar-te en <a href=\"https:\/\/fundacionpedrofarnes.org\/ca\/contacte\/\">contacte amb nosaltres<\/a>.<\/p>\n","protected":false},"excerpt":{"rendered":"<p>Escrits que des de l&#8217;any 1991 fins al 2008 inclusivament, han anat apareixent al calendari de l&#8217;Any Lit\u00fargic.<\/p>\n","protected":false},"featured_media":674,"template":"","meta":{"_acf_changed":false,"_monsterinsights_skip_tracking":false,"_monsterinsights_sitenote_active":false,"_monsterinsights_sitenote_note":"","_monsterinsights_sitenote_category":0},"product_brand":[],"product_cat":[61],"class_list":{"0":"post-741","1":"product","2":"type-product","3":"status-publish","4":"has-post-thumbnail","6":"product_cat-llibres","8":"first","9":"instock","10":"shipping-taxable","11":"purchasable","12":"product-type-simple"},"acf":[],"yoast_head":"<!-- This site is optimized with the Yoast SEO plugin v26.2 - https:\/\/yoast.com\/wordpress\/plugins\/seo\/ -->\n<title>Millorar les celebracions i aprofundir-ne el significat | Fundaci\u00f3 Pedro Farn\u00e9s<\/title>\n<meta name=\"description\" content=\"Descobreix en aquests escrits la profunda espiritualitat i l&#039;amor fidel a l&#039;Esgl\u00e9sia ia la Lit\u00fargia de l&#039;autor, reflectits en la seva viv\u00e8ncia eucar\u00edstica.\" \/>\n<meta name=\"robots\" content=\"noindex, follow, max-snippet:-1, max-image-preview:large, max-video-preview:-1\" \/>\n<meta property=\"og:locale\" content=\"ca_ES\" \/>\n<meta property=\"og:type\" content=\"article\" \/>\n<meta property=\"og:title\" content=\"Millorar les celebracions i aprofundir-ne el significat | Fundaci\u00f3 Pedro Farn\u00e9s\" \/>\n<meta property=\"og:description\" content=\"Descobreix en aquests escrits (1991-2008) la profunda espiritualitat i l&#039;amor fidel a l&#039;Esgl\u00e9sia ia la Lit\u00fargia de l&#039;autor, reflectits en la seva viv\u00e8ncia eucar\u00edstica.\" \/>\n<meta property=\"og:url\" content=\"https:\/\/fundacionpedrofarnes.org\/ca\/producto\/millorar-les-celebracions-i-aprofundir-ne-el-significat\/\" \/>\n<meta property=\"og:site_name\" content=\"Fundaci\u00f3 Pedro Farn\u00e9s\" \/>\n<meta property=\"article:modified_time\" content=\"2023-11-03T09:41:46+00:00\" \/>\n<meta property=\"og:image\" content=\"https:\/\/fundacionpedrofarnes.org\/wp-content\/uploads\/2023\/05\/mejorar-las-celebraciones.png\" \/>\n\t<meta property=\"og:image:width\" content=\"600\" \/>\n\t<meta property=\"og:image:height\" content=\"900\" \/>\n\t<meta property=\"og:image:type\" content=\"image\/png\" \/>\n<meta name=\"twitter:card\" content=\"summary_large_image\" \/>\n<meta name=\"twitter:title\" content=\"Millorar les celebracions i aprofundir-ne el significat | Fundaci\u00f3 Pedro Farn\u00e9s\" \/>\n<meta name=\"twitter:description\" content=\"Descobreix en aquests escrits (1991-2008) la profunda espiritualitat i l&#039;amor fidel a l&#039;Esgl\u00e9sia ia la Lit\u00fargia de l&#039;autor, reflectits en la seva viv\u00e8ncia eucar\u00edstica.\" \/>\n<meta name=\"twitter:image\" content=\"https:\/\/fundacionpedrofarnes.org\/wp-content\/uploads\/2023\/05\/mejorar-las-celebraciones.png\" \/>\n<meta name=\"twitter:label1\" content=\"Temps estimat de lectura\" \/>\n\t<meta name=\"twitter:data1\" content=\"2 minuts\" \/>\n<script type=\"application\/ld+json\" class=\"yoast-schema-graph\">{\"@context\":\"https:\/\/schema.org\",\"@graph\":[{\"@type\":\"WebPage\",\"@id\":\"https:\/\/fundacionpedrofarnes.org\/ca\/producto\/millorar-les-celebracions-i-aprofundir-ne-el-significat\/\",\"url\":\"https:\/\/fundacionpedrofarnes.org\/ca\/producto\/millorar-les-celebracions-i-aprofundir-ne-el-significat\/\",\"name\":\"Millorar les celebracions i aprofundir-ne el significat | Fundaci\u00f3 Pedro Farn\u00e9s\",\"isPartOf\":{\"@id\":\"https:\/\/fundacionpedrofarnes.org\/ca\/#website\"},\"primaryImageOfPage\":{\"@id\":\"https:\/\/fundacionpedrofarnes.org\/ca\/producto\/millorar-les-celebracions-i-aprofundir-ne-el-significat\/#primaryimage\"},\"image\":{\"@id\":\"https:\/\/fundacionpedrofarnes.org\/ca\/producto\/millorar-les-celebracions-i-aprofundir-ne-el-significat\/#primaryimage\"},\"thumbnailUrl\":\"https:\/\/fundacionpedrofarnes.org\/wp-content\/uploads\/2023\/05\/mejorar-las-celebraciones.png\",\"datePublished\":\"2023-05-16T12:51:42+00:00\",\"dateModified\":\"2023-11-03T09:41:46+00:00\",\"description\":\"Descobreix en aquests escrits la profunda espiritualitat i l'amor fidel a l'Esgl\u00e9sia ia la Lit\u00fargia de l'autor, reflectits en la seva viv\u00e8ncia eucar\u00edstica.\",\"breadcrumb\":{\"@id\":\"https:\/\/fundacionpedrofarnes.org\/ca\/producto\/millorar-les-celebracions-i-aprofundir-ne-el-significat\/#breadcrumb\"},\"inLanguage\":\"ca\",\"potentialAction\":[{\"@type\":\"ReadAction\",\"target\":[\"https:\/\/fundacionpedrofarnes.org\/ca\/producto\/millorar-les-celebracions-i-aprofundir-ne-el-significat\/\"]}]},{\"@type\":\"ImageObject\",\"inLanguage\":\"ca\",\"@id\":\"https:\/\/fundacionpedrofarnes.org\/ca\/producto\/millorar-les-celebracions-i-aprofundir-ne-el-significat\/#primaryimage\",\"url\":\"https:\/\/fundacionpedrofarnes.org\/wp-content\/uploads\/2023\/05\/mejorar-las-celebraciones.png\",\"contentUrl\":\"https:\/\/fundacionpedrofarnes.org\/wp-content\/uploads\/2023\/05\/mejorar-las-celebraciones.png\",\"width\":600,\"height\":900,\"caption\":\"Llibre \\\"Mejorara las celebraciones y profundizar su significado\\\"\"},{\"@type\":\"BreadcrumbList\",\"@id\":\"https:\/\/fundacionpedrofarnes.org\/ca\/producto\/millorar-les-celebracions-i-aprofundir-ne-el-significat\/#breadcrumb\",\"itemListElement\":[{\"@type\":\"ListItem\",\"position\":1,\"name\":\"Home\",\"item\":\"https:\/\/fundacionpedrofarnes.org\/ca\/\"},{\"@type\":\"ListItem\",\"position\":2,\"name\":\"Botiga\",\"item\":\"https:\/\/fundacionpedrofarnes.org\/ca\/botiga\/\"},{\"@type\":\"ListItem\",\"position\":3,\"name\":\"Millorar les celebracions i aprofundir-ne el significat.\"}]},{\"@type\":\"WebSite\",\"@id\":\"https:\/\/fundacionpedrofarnes.org\/ca\/#website\",\"url\":\"https:\/\/fundacionpedrofarnes.org\/ca\/\",\"name\":\"Fundaci\u00f3 Pedro Farn\u00e9s\",\"description\":\"\",\"publisher\":{\"@id\":\"https:\/\/fundacionpedrofarnes.org\/ca\/#organization\"},\"potentialAction\":[{\"@type\":\"SearchAction\",\"target\":{\"@type\":\"EntryPoint\",\"urlTemplate\":\"https:\/\/fundacionpedrofarnes.org\/ca\/?s={search_term_string}\"},\"query-input\":{\"@type\":\"PropertyValueSpecification\",\"valueRequired\":true,\"valueName\":\"search_term_string\"}}],\"inLanguage\":\"ca\"},{\"@type\":\"Organization\",\"@id\":\"https:\/\/fundacionpedrofarnes.org\/ca\/#organization\",\"name\":\"Fundaci\u00f3 Pedro Farn\u00e9s\",\"url\":\"https:\/\/fundacionpedrofarnes.org\/ca\/\",\"logo\":{\"@type\":\"ImageObject\",\"inLanguage\":\"ca\",\"@id\":\"https:\/\/fundacionpedrofarnes.org\/ca\/#\/schema\/logo\/image\/\",\"url\":\"https:\/\/fundacionpedrofarnes.org\/wp-content\/uploads\/2023\/04\/logo.png\",\"contentUrl\":\"https:\/\/fundacionpedrofarnes.org\/wp-content\/uploads\/2023\/04\/logo.png\",\"width\":92,\"height\":64,\"caption\":\"Fundaci\u00f3 Pedro Farn\u00e9s\"},\"image\":{\"@id\":\"https:\/\/fundacionpedrofarnes.org\/ca\/#\/schema\/logo\/image\/\"}}]}<\/script>\n<!-- \/ Yoast SEO plugin. -->","yoast_head_json":{"title":"Millorar les celebracions i aprofundir-ne el significat | Fundaci\u00f3 Pedro Farn\u00e9s","description":"Descobreix en aquests escrits la profunda espiritualitat i l'amor fidel a l'Esgl\u00e9sia ia la Lit\u00fargia de l'autor, reflectits en la seva viv\u00e8ncia eucar\u00edstica.","robots":{"index":"noindex","follow":"follow","max-snippet":"max-snippet:-1","max-image-preview":"max-image-preview:large","max-video-preview":"max-video-preview:-1"},"og_locale":"ca_ES","og_type":"article","og_title":"Millorar les celebracions i aprofundir-ne el significat | Fundaci\u00f3 Pedro Farn\u00e9s","og_description":"Descobreix en aquests escrits (1991-2008) la profunda espiritualitat i l'amor fidel a l'Esgl\u00e9sia ia la Lit\u00fargia de l'autor, reflectits en la seva viv\u00e8ncia eucar\u00edstica.","og_url":"https:\/\/fundacionpedrofarnes.org\/ca\/producto\/millorar-les-celebracions-i-aprofundir-ne-el-significat\/","og_site_name":"Fundaci\u00f3 Pedro Farn\u00e9s","article_modified_time":"2023-11-03T09:41:46+00:00","og_image":[{"width":600,"height":900,"url":"https:\/\/fundacionpedrofarnes.org\/wp-content\/uploads\/2023\/05\/mejorar-las-celebraciones.png","type":"image\/png"}],"twitter_card":"summary_large_image","twitter_title":"Millorar les celebracions i aprofundir-ne el significat | Fundaci\u00f3 Pedro Farn\u00e9s","twitter_description":"Descobreix en aquests escrits (1991-2008) la profunda espiritualitat i l'amor fidel a l'Esgl\u00e9sia ia la Lit\u00fargia de l'autor, reflectits en la seva viv\u00e8ncia eucar\u00edstica.","twitter_image":"https:\/\/fundacionpedrofarnes.org\/wp-content\/uploads\/2023\/05\/mejorar-las-celebraciones.png","twitter_misc":{"Temps estimat de lectura":"2 minuts"},"schema":{"@context":"https:\/\/schema.org","@graph":[{"@type":"WebPage","@id":"https:\/\/fundacionpedrofarnes.org\/ca\/producto\/millorar-les-celebracions-i-aprofundir-ne-el-significat\/","url":"https:\/\/fundacionpedrofarnes.org\/ca\/producto\/millorar-les-celebracions-i-aprofundir-ne-el-significat\/","name":"Millorar les celebracions i aprofundir-ne el significat | Fundaci\u00f3 Pedro Farn\u00e9s","isPartOf":{"@id":"https:\/\/fundacionpedrofarnes.org\/ca\/#website"},"primaryImageOfPage":{"@id":"https:\/\/fundacionpedrofarnes.org\/ca\/producto\/millorar-les-celebracions-i-aprofundir-ne-el-significat\/#primaryimage"},"image":{"@id":"https:\/\/fundacionpedrofarnes.org\/ca\/producto\/millorar-les-celebracions-i-aprofundir-ne-el-significat\/#primaryimage"},"thumbnailUrl":"https:\/\/fundacionpedrofarnes.org\/wp-content\/uploads\/2023\/05\/mejorar-las-celebraciones.png","datePublished":"2023-05-16T12:51:42+00:00","dateModified":"2023-11-03T09:41:46+00:00","description":"Descobreix en aquests escrits la profunda espiritualitat i l'amor fidel a l'Esgl\u00e9sia ia la Lit\u00fargia de l'autor, reflectits en la seva viv\u00e8ncia eucar\u00edstica.","breadcrumb":{"@id":"https:\/\/fundacionpedrofarnes.org\/ca\/producto\/millorar-les-celebracions-i-aprofundir-ne-el-significat\/#breadcrumb"},"inLanguage":"ca","potentialAction":[{"@type":"ReadAction","target":["https:\/\/fundacionpedrofarnes.org\/ca\/producto\/millorar-les-celebracions-i-aprofundir-ne-el-significat\/"]}]},{"@type":"ImageObject","inLanguage":"ca","@id":"https:\/\/fundacionpedrofarnes.org\/ca\/producto\/millorar-les-celebracions-i-aprofundir-ne-el-significat\/#primaryimage","url":"https:\/\/fundacionpedrofarnes.org\/wp-content\/uploads\/2023\/05\/mejorar-las-celebraciones.png","contentUrl":"https:\/\/fundacionpedrofarnes.org\/wp-content\/uploads\/2023\/05\/mejorar-las-celebraciones.png","width":600,"height":900,"caption":"Llibre \"Mejorara las celebraciones y profundizar su significado\""},{"@type":"BreadcrumbList","@id":"https:\/\/fundacionpedrofarnes.org\/ca\/producto\/millorar-les-celebracions-i-aprofundir-ne-el-significat\/#breadcrumb","itemListElement":[{"@type":"ListItem","position":1,"name":"Home","item":"https:\/\/fundacionpedrofarnes.org\/ca\/"},{"@type":"ListItem","position":2,"name":"Botiga","item":"https:\/\/fundacionpedrofarnes.org\/ca\/botiga\/"},{"@type":"ListItem","position":3,"name":"Millorar les celebracions i aprofundir-ne el significat."}]},{"@type":"WebSite","@id":"https:\/\/fundacionpedrofarnes.org\/ca\/#website","url":"https:\/\/fundacionpedrofarnes.org\/ca\/","name":"Fundaci\u00f3 Pedro Farn\u00e9s","description":"","publisher":{"@id":"https:\/\/fundacionpedrofarnes.org\/ca\/#organization"},"potentialAction":[{"@type":"SearchAction","target":{"@type":"EntryPoint","urlTemplate":"https:\/\/fundacionpedrofarnes.org\/ca\/?s={search_term_string}"},"query-input":{"@type":"PropertyValueSpecification","valueRequired":true,"valueName":"search_term_string"}}],"inLanguage":"ca"},{"@type":"Organization","@id":"https:\/\/fundacionpedrofarnes.org\/ca\/#organization","name":"Fundaci\u00f3 Pedro Farn\u00e9s","url":"https:\/\/fundacionpedrofarnes.org\/ca\/","logo":{"@type":"ImageObject","inLanguage":"ca","@id":"https:\/\/fundacionpedrofarnes.org\/ca\/#\/schema\/logo\/image\/","url":"https:\/\/fundacionpedrofarnes.org\/wp-content\/uploads\/2023\/04\/logo.png","contentUrl":"https:\/\/fundacionpedrofarnes.org\/wp-content\/uploads\/2023\/04\/logo.png","width":92,"height":64,"caption":"Fundaci\u00f3 Pedro Farn\u00e9s"},"image":{"@id":"https:\/\/fundacionpedrofarnes.org\/ca\/#\/schema\/logo\/image\/"}}]}},"_links":{"self":[{"href":"https:\/\/fundacionpedrofarnes.org\/ca\/wp-json\/wp\/v2\/product\/741","targetHints":{"allow":["GET"]}}],"collection":[{"href":"https:\/\/fundacionpedrofarnes.org\/ca\/wp-json\/wp\/v2\/product"}],"about":[{"href":"https:\/\/fundacionpedrofarnes.org\/ca\/wp-json\/wp\/v2\/types\/product"}],"wp:featuredmedia":[{"embeddable":true,"href":"https:\/\/fundacionpedrofarnes.org\/ca\/wp-json\/wp\/v2\/media\/674"}],"wp:attachment":[{"href":"https:\/\/fundacionpedrofarnes.org\/ca\/wp-json\/wp\/v2\/media?parent=741"}],"wp:term":[{"taxonomy":"product_brand","embeddable":true,"href":"https:\/\/fundacionpedrofarnes.org\/ca\/wp-json\/wp\/v2\/product_brand?post=741"},{"taxonomy":"product_cat","embeddable":true,"href":"https:\/\/fundacionpedrofarnes.org\/ca\/wp-json\/wp\/v2\/product_cat?post=741"}],"curies":[{"name":"wp","href":"https:\/\/api.w.org\/{rel}","templated":true}]}}