{"id":739,"date":"2023-05-16T13:51:49","date_gmt":"2023-05-16T12:51:49","guid":{"rendered":"https:\/\/fundacionpedrofarnes.org\/producto\/preguem-el-senyor-pregaria-dels-fidels\/"},"modified":"2023-12-11T09:13:28","modified_gmt":"2023-12-11T08:13:28","slug":"preguem-el-senyor-pregaria-dels-fidels","status":"publish","type":"product","link":"https:\/\/fundacionpedrofarnes.org\/ca\/producto\/preguem-el-senyor-pregaria-dels-fidels\/","title":{"rendered":"Preguem el Senyor. Preg\u00e0ria dels fidels."},"content":{"rendered":"<h2><strong>Sinopsi<\/strong><\/h2>\n<p><strong>Formularis dominicals, festius, firals i per diverses necessitats.<\/strong><\/p>\n<p>Presentem una <strong>nova i renovada edici\u00f3 de l&#8217;obra del recordat Moss\u00e8n Farn\u00e9s \u201cPreguem al Senyor\u201d<\/strong>.<\/p>\n<p>La nova edici\u00f3 <strong>no canvia les intu\u00efcions de l&#8217;edici\u00f3 original<\/strong>, per a la restablerta <strong>\u201coraci\u00f3 universal\u201d o \u201cdels fidels\u201d de la Missa romana<\/strong>.<\/p>\n<p>El primer &#8220;Preguem al Senyor&#8221; va voler unir la major variabilitat i adaptaci\u00f3 de formularis amb la m\u00e9s exquisida adaptaci\u00f3 a la naturalesa i finalitat d&#8217;aquest element propi de la Missa.<\/p>\n<p class=\"h2 mt-3\"><strong>Consideracions<\/strong><\/p>\n<p>Aquesta nova edici\u00f3 ha volgut conservar aix\u00f2, per\u00f2 ha tingut present l&#8217;experi\u00e8ncia i els comentaris derivats de l&#8217;\u00fas de la primera, cosa que ha portat a <strong>simplificar els formularis de preg\u00e0ries ia eliminar-ne alguns massa espec\u00edfics i introduir-ne d&#8217;altres<\/strong>, no presents, que poguessin estar sent trobats a faltar.<\/p>\n<p><strong>Fires, diumenges, santoral o diverses necessitats s\u00f3n els moments de l&#8217;any lit\u00fargic que trobareu aqu\u00ed el vostre formulari m\u00e9s apropiat<\/strong>. Esperem no desil\u00b7lusionar cap dels usuaris de l&#8217;anterior \u201cPreguem al Senyor\u201d i atraure els que encara no ho s\u00f3n.<\/p>\n<p><strong>Pregar per vius i difunts<\/strong> \u00e9s un dels grans reptes de la vocaci\u00f3 de tots els fidels cristians, cridats a exercir aix\u00ed la seva missi\u00f3 d&#8217;intercessi\u00f3 davant D\u00e9u en favor de tota la humanitat i tota la creaci\u00f3. <strong>L&#8217;oraci\u00f3 dels fidels<\/strong> \u00e9s sens dubte una de les formes essencials de l&#8217;exercici d&#8217;aquesta vocaci\u00f3.<\/p>\n<p>Aquest llibre, que ara posem a les mans, vol ser una <strong>ajuda efica\u00e7 per fer aquesta missi\u00f3 realitat<\/strong>.<\/p>\n<p>Per fer enviaments fora d&#8217;Espanya, no dubtis a posar-te en <a href=\"https:\/\/fundacionpedrofarnes.org\/ca\/contacte\/\">contacte amb nosaltres<\/a>.<\/p>\n","protected":false},"excerpt":{"rendered":"<p>Formularis dominicals, festius, firals i per diverses necessitats. Presentem una nova i renovada edici\u00f3 de l&#8217;obra del recordat Moss\u00e8n Farn\u00e9s \u201cPreguem al Senyor\u201d.<\/p>\n","protected":false},"featured_media":676,"template":"","meta":{"_acf_changed":false,"_monsterinsights_skip_tracking":false,"_monsterinsights_sitenote_active":false,"_monsterinsights_sitenote_note":"","_monsterinsights_sitenote_category":0},"product_brand":[],"product_cat":[61],"class_list":{"0":"post-739","1":"product","2":"type-product","3":"status-publish","4":"has-post-thumbnail","6":"product_cat-llibres","8":"first","9":"instock","10":"shipping-taxable","11":"purchasable","12":"product-type-variable","13":"has-default-attributes"},"acf":[],"yoast_head":"<!-- This site is optimized with the Yoast SEO plugin v26.2 - https:\/\/yoast.com\/wordpress\/plugins\/seo\/ -->\n<title>Preguem el senyor. Preg\u00e0ria dels fidels | Fundaci\u00f3 Pedro Farn\u00e9s<\/title>\n<meta name=\"description\" content=\"Descobreix la renovada edici\u00f3 de &quot;Preguem al Senyor&quot; de Moss\u00e8n Farn\u00e9s, amb formularis simplificats per facilitar l&#039;oraci\u00f3 universal a la Missa romana.\" \/>\n<meta name=\"robots\" content=\"noindex, follow, max-snippet:-1, max-image-preview:large, max-video-preview:-1\" \/>\n<meta property=\"og:locale\" content=\"ca_ES\" \/>\n<meta property=\"og:type\" content=\"article\" \/>\n<meta property=\"og:title\" content=\"Preguem el senyor. Preg\u00e0ria dels fidels | Fundaci\u00f3 Pedro Farn\u00e9s\" \/>\n<meta property=\"og:description\" content=\"Descobreix la renovada edici\u00f3 de &quot;Preguem al Senyor&quot; de Moss\u00e8n Farn\u00e9s, amb formularis simplificats per facilitar l&#039;oraci\u00f3 universal a la Missa romana.\" \/>\n<meta property=\"og:url\" content=\"https:\/\/fundacionpedrofarnes.org\/ca\/producto\/preguem-el-senyor-pregaria-dels-fidels\/\" \/>\n<meta property=\"og:site_name\" content=\"Fundaci\u00f3 Pedro Farn\u00e9s\" \/>\n<meta property=\"article:modified_time\" content=\"2023-12-11T08:13:28+00:00\" \/>\n<meta property=\"og:image\" content=\"https:\/\/fundacionpedrofarnes.org\/wp-content\/uploads\/2023\/05\/roguemos-al-senor.png\" \/>\n\t<meta property=\"og:image:width\" content=\"600\" \/>\n\t<meta property=\"og:image:height\" content=\"900\" \/>\n\t<meta property=\"og:image:type\" content=\"image\/png\" \/>\n<meta name=\"twitter:card\" content=\"summary_large_image\" \/>\n<meta name=\"twitter:title\" content=\"Preguem el senyor. Preg\u00e0ria dels fidels | Fundaci\u00f3 Pedro Farn\u00e9s\" \/>\n<meta name=\"twitter:description\" content=\"Descobreix la renovada edici\u00f3 de &quot;Preguem al Senyor&quot; de Moss\u00e8n Farn\u00e9s, amb formularis simplificats per facilitar l&#039;oraci\u00f3 universal a la Missa romana.\" \/>\n<meta name=\"twitter:image\" content=\"https:\/\/fundacionpedrofarnes.org\/wp-content\/uploads\/2023\/05\/roguemos-al-senor.png\" \/>\n<meta name=\"twitter:label1\" content=\"Temps estimat de lectura\" \/>\n\t<meta name=\"twitter:data1\" content=\"2 minuts\" \/>\n<script type=\"application\/ld+json\" class=\"yoast-schema-graph\">{\"@context\":\"https:\/\/schema.org\",\"@graph\":[{\"@type\":\"WebPage\",\"@id\":\"https:\/\/fundacionpedrofarnes.org\/ca\/producto\/preguem-el-senyor-pregaria-dels-fidels\/\",\"url\":\"https:\/\/fundacionpedrofarnes.org\/ca\/producto\/preguem-el-senyor-pregaria-dels-fidels\/\",\"name\":\"Preguem el senyor. Preg\u00e0ria dels fidels | Fundaci\u00f3 Pedro Farn\u00e9s\",\"isPartOf\":{\"@id\":\"https:\/\/fundacionpedrofarnes.org\/ca\/#website\"},\"primaryImageOfPage\":{\"@id\":\"https:\/\/fundacionpedrofarnes.org\/ca\/producto\/preguem-el-senyor-pregaria-dels-fidels\/#primaryimage\"},\"image\":{\"@id\":\"https:\/\/fundacionpedrofarnes.org\/ca\/producto\/preguem-el-senyor-pregaria-dels-fidels\/#primaryimage\"},\"thumbnailUrl\":\"https:\/\/fundacionpedrofarnes.org\/wp-content\/uploads\/2023\/05\/roguemos-al-senor.png\",\"datePublished\":\"2023-05-16T12:51:49+00:00\",\"dateModified\":\"2023-12-11T08:13:28+00:00\",\"description\":\"Descobreix la renovada edici\u00f3 de \\\"Preguem al Senyor\\\" de Moss\u00e8n Farn\u00e9s, amb formularis simplificats per facilitar l'oraci\u00f3 universal a la Missa romana.\",\"breadcrumb\":{\"@id\":\"https:\/\/fundacionpedrofarnes.org\/ca\/producto\/preguem-el-senyor-pregaria-dels-fidels\/#breadcrumb\"},\"inLanguage\":\"ca\",\"potentialAction\":[{\"@type\":\"ReadAction\",\"target\":[\"https:\/\/fundacionpedrofarnes.org\/ca\/producto\/preguem-el-senyor-pregaria-dels-fidels\/\"]}]},{\"@type\":\"ImageObject\",\"inLanguage\":\"ca\",\"@id\":\"https:\/\/fundacionpedrofarnes.org\/ca\/producto\/preguem-el-senyor-pregaria-dels-fidels\/#primaryimage\",\"url\":\"https:\/\/fundacionpedrofarnes.org\/wp-content\/uploads\/2023\/05\/roguemos-al-senor.png\",\"contentUrl\":\"https:\/\/fundacionpedrofarnes.org\/wp-content\/uploads\/2023\/05\/roguemos-al-senor.png\",\"width\":600,\"height\":900,\"caption\":\"Libro \\\"Roguemos al Se\u00f1or. Oraci\u00f3n de los fieles\\\"\"},{\"@type\":\"BreadcrumbList\",\"@id\":\"https:\/\/fundacionpedrofarnes.org\/ca\/producto\/preguem-el-senyor-pregaria-dels-fidels\/#breadcrumb\",\"itemListElement\":[{\"@type\":\"ListItem\",\"position\":1,\"name\":\"Home\",\"item\":\"https:\/\/fundacionpedrofarnes.org\/ca\/\"},{\"@type\":\"ListItem\",\"position\":2,\"name\":\"Botiga\",\"item\":\"https:\/\/fundacionpedrofarnes.org\/ca\/botiga\/\"},{\"@type\":\"ListItem\",\"position\":3,\"name\":\"Preguem el Senyor. Preg\u00e0ria dels fidels.\"}]},{\"@type\":\"WebSite\",\"@id\":\"https:\/\/fundacionpedrofarnes.org\/ca\/#website\",\"url\":\"https:\/\/fundacionpedrofarnes.org\/ca\/\",\"name\":\"Fundaci\u00f3 Pedro Farn\u00e9s\",\"description\":\"\",\"publisher\":{\"@id\":\"https:\/\/fundacionpedrofarnes.org\/ca\/#organization\"},\"potentialAction\":[{\"@type\":\"SearchAction\",\"target\":{\"@type\":\"EntryPoint\",\"urlTemplate\":\"https:\/\/fundacionpedrofarnes.org\/ca\/?s={search_term_string}\"},\"query-input\":{\"@type\":\"PropertyValueSpecification\",\"valueRequired\":true,\"valueName\":\"search_term_string\"}}],\"inLanguage\":\"ca\"},{\"@type\":\"Organization\",\"@id\":\"https:\/\/fundacionpedrofarnes.org\/ca\/#organization\",\"name\":\"Fundaci\u00f3 Pedro Farn\u00e9s\",\"url\":\"https:\/\/fundacionpedrofarnes.org\/ca\/\",\"logo\":{\"@type\":\"ImageObject\",\"inLanguage\":\"ca\",\"@id\":\"https:\/\/fundacionpedrofarnes.org\/ca\/#\/schema\/logo\/image\/\",\"url\":\"https:\/\/fundacionpedrofarnes.org\/wp-content\/uploads\/2023\/04\/logo.png\",\"contentUrl\":\"https:\/\/fundacionpedrofarnes.org\/wp-content\/uploads\/2023\/04\/logo.png\",\"width\":92,\"height\":64,\"caption\":\"Fundaci\u00f3 Pedro Farn\u00e9s\"},\"image\":{\"@id\":\"https:\/\/fundacionpedrofarnes.org\/ca\/#\/schema\/logo\/image\/\"}}]}<\/script>\n<!-- \/ Yoast SEO plugin. -->","yoast_head_json":{"title":"Preguem el senyor. Preg\u00e0ria dels fidels | Fundaci\u00f3 Pedro Farn\u00e9s","description":"Descobreix la renovada edici\u00f3 de \"Preguem al Senyor\" de Moss\u00e8n Farn\u00e9s, amb formularis simplificats per facilitar l'oraci\u00f3 universal a la Missa romana.","robots":{"index":"noindex","follow":"follow","max-snippet":"max-snippet:-1","max-image-preview":"max-image-preview:large","max-video-preview":"max-video-preview:-1"},"og_locale":"ca_ES","og_type":"article","og_title":"Preguem el senyor. Preg\u00e0ria dels fidels | Fundaci\u00f3 Pedro Farn\u00e9s","og_description":"Descobreix la renovada edici\u00f3 de \"Preguem al Senyor\" de Moss\u00e8n Farn\u00e9s, amb formularis simplificats per facilitar l'oraci\u00f3 universal a la Missa romana.","og_url":"https:\/\/fundacionpedrofarnes.org\/ca\/producto\/preguem-el-senyor-pregaria-dels-fidels\/","og_site_name":"Fundaci\u00f3 Pedro Farn\u00e9s","article_modified_time":"2023-12-11T08:13:28+00:00","og_image":[{"width":600,"height":900,"url":"https:\/\/fundacionpedrofarnes.org\/wp-content\/uploads\/2023\/05\/roguemos-al-senor.png","type":"image\/png"}],"twitter_card":"summary_large_image","twitter_title":"Preguem el senyor. Preg\u00e0ria dels fidels | Fundaci\u00f3 Pedro Farn\u00e9s","twitter_description":"Descobreix la renovada edici\u00f3 de \"Preguem al Senyor\" de Moss\u00e8n Farn\u00e9s, amb formularis simplificats per facilitar l'oraci\u00f3 universal a la Missa romana.","twitter_image":"https:\/\/fundacionpedrofarnes.org\/wp-content\/uploads\/2023\/05\/roguemos-al-senor.png","twitter_misc":{"Temps estimat de lectura":"2 minuts"},"schema":{"@context":"https:\/\/schema.org","@graph":[{"@type":"WebPage","@id":"https:\/\/fundacionpedrofarnes.org\/ca\/producto\/preguem-el-senyor-pregaria-dels-fidels\/","url":"https:\/\/fundacionpedrofarnes.org\/ca\/producto\/preguem-el-senyor-pregaria-dels-fidels\/","name":"Preguem el senyor. Preg\u00e0ria dels fidels | Fundaci\u00f3 Pedro Farn\u00e9s","isPartOf":{"@id":"https:\/\/fundacionpedrofarnes.org\/ca\/#website"},"primaryImageOfPage":{"@id":"https:\/\/fundacionpedrofarnes.org\/ca\/producto\/preguem-el-senyor-pregaria-dels-fidels\/#primaryimage"},"image":{"@id":"https:\/\/fundacionpedrofarnes.org\/ca\/producto\/preguem-el-senyor-pregaria-dels-fidels\/#primaryimage"},"thumbnailUrl":"https:\/\/fundacionpedrofarnes.org\/wp-content\/uploads\/2023\/05\/roguemos-al-senor.png","datePublished":"2023-05-16T12:51:49+00:00","dateModified":"2023-12-11T08:13:28+00:00","description":"Descobreix la renovada edici\u00f3 de \"Preguem al Senyor\" de Moss\u00e8n Farn\u00e9s, amb formularis simplificats per facilitar l'oraci\u00f3 universal a la Missa romana.","breadcrumb":{"@id":"https:\/\/fundacionpedrofarnes.org\/ca\/producto\/preguem-el-senyor-pregaria-dels-fidels\/#breadcrumb"},"inLanguage":"ca","potentialAction":[{"@type":"ReadAction","target":["https:\/\/fundacionpedrofarnes.org\/ca\/producto\/preguem-el-senyor-pregaria-dels-fidels\/"]}]},{"@type":"ImageObject","inLanguage":"ca","@id":"https:\/\/fundacionpedrofarnes.org\/ca\/producto\/preguem-el-senyor-pregaria-dels-fidels\/#primaryimage","url":"https:\/\/fundacionpedrofarnes.org\/wp-content\/uploads\/2023\/05\/roguemos-al-senor.png","contentUrl":"https:\/\/fundacionpedrofarnes.org\/wp-content\/uploads\/2023\/05\/roguemos-al-senor.png","width":600,"height":900,"caption":"Libro \"Roguemos al Se\u00f1or. Oraci\u00f3n de los fieles\""},{"@type":"BreadcrumbList","@id":"https:\/\/fundacionpedrofarnes.org\/ca\/producto\/preguem-el-senyor-pregaria-dels-fidels\/#breadcrumb","itemListElement":[{"@type":"ListItem","position":1,"name":"Home","item":"https:\/\/fundacionpedrofarnes.org\/ca\/"},{"@type":"ListItem","position":2,"name":"Botiga","item":"https:\/\/fundacionpedrofarnes.org\/ca\/botiga\/"},{"@type":"ListItem","position":3,"name":"Preguem el Senyor. Preg\u00e0ria dels fidels."}]},{"@type":"WebSite","@id":"https:\/\/fundacionpedrofarnes.org\/ca\/#website","url":"https:\/\/fundacionpedrofarnes.org\/ca\/","name":"Fundaci\u00f3 Pedro Farn\u00e9s","description":"","publisher":{"@id":"https:\/\/fundacionpedrofarnes.org\/ca\/#organization"},"potentialAction":[{"@type":"SearchAction","target":{"@type":"EntryPoint","urlTemplate":"https:\/\/fundacionpedrofarnes.org\/ca\/?s={search_term_string}"},"query-input":{"@type":"PropertyValueSpecification","valueRequired":true,"valueName":"search_term_string"}}],"inLanguage":"ca"},{"@type":"Organization","@id":"https:\/\/fundacionpedrofarnes.org\/ca\/#organization","name":"Fundaci\u00f3 Pedro Farn\u00e9s","url":"https:\/\/fundacionpedrofarnes.org\/ca\/","logo":{"@type":"ImageObject","inLanguage":"ca","@id":"https:\/\/fundacionpedrofarnes.org\/ca\/#\/schema\/logo\/image\/","url":"https:\/\/fundacionpedrofarnes.org\/wp-content\/uploads\/2023\/04\/logo.png","contentUrl":"https:\/\/fundacionpedrofarnes.org\/wp-content\/uploads\/2023\/04\/logo.png","width":92,"height":64,"caption":"Fundaci\u00f3 Pedro Farn\u00e9s"},"image":{"@id":"https:\/\/fundacionpedrofarnes.org\/ca\/#\/schema\/logo\/image\/"}}]}},"_links":{"self":[{"href":"https:\/\/fundacionpedrofarnes.org\/ca\/wp-json\/wp\/v2\/product\/739","targetHints":{"allow":["GET"]}}],"collection":[{"href":"https:\/\/fundacionpedrofarnes.org\/ca\/wp-json\/wp\/v2\/product"}],"about":[{"href":"https:\/\/fundacionpedrofarnes.org\/ca\/wp-json\/wp\/v2\/types\/product"}],"wp:featuredmedia":[{"embeddable":true,"href":"https:\/\/fundacionpedrofarnes.org\/ca\/wp-json\/wp\/v2\/media\/676"}],"wp:attachment":[{"href":"https:\/\/fundacionpedrofarnes.org\/ca\/wp-json\/wp\/v2\/media?parent=739"}],"wp:term":[{"taxonomy":"product_brand","embeddable":true,"href":"https:\/\/fundacionpedrofarnes.org\/ca\/wp-json\/wp\/v2\/product_brand?post=739"},{"taxonomy":"product_cat","embeddable":true,"href":"https:\/\/fundacionpedrofarnes.org\/ca\/wp-json\/wp\/v2\/product_cat?post=739"}],"curies":[{"name":"wp","href":"https:\/\/api.w.org\/{rel}","templated":true}]}}