{"id":693,"date":"2023-04-20T11:36:08","date_gmt":"2023-04-20T10:36:08","guid":{"rendered":"https:\/\/fundacionpedrofarnes.org\/avis-legal\/"},"modified":"2023-11-03T13:13:04","modified_gmt":"2023-11-03T12:13:04","slug":"avis-legal","status":"publish","type":"page","link":"https:\/\/fundacionpedrofarnes.org\/ca\/avis-legal\/","title":{"rendered":"Av\u00eds legal"},"content":{"rendered":"<p>El prop\u00f2sit d&#8217;aquest Av\u00eds Legal, \u00e9s informar els usuaris de <a href=\"https:\/\/www.fundacionpedrofarnes.org\">www.fundacionpedrofarnes.org<\/a>, domiciliada a, Passeig de les Lletres, 9, 2\u00ba 4\u00aa, 08221, Terrassa, la ra\u00f3 social del Responsable de tractament \u00e9s FUNDACION PEDRO FARNES , de quina \u00e9s la seva <strong>pol\u00edtica de protecci\u00f3 de la Privadesa i confidencialitat de les dades de car\u00e0cter personal<\/strong> que els seus usuaris faciliten de forma lliure i volunt\u00e0ria.<\/p>\n<p>FUNDACION PEDRO FARNES posa en coneixement que disposa de les seves dades de car\u00e0cter personal especificades en el corresponent registre d&#8217;activitats del tractament de l&#8217;empresa denominat Gesti\u00f3 d&#8217;Usuaris Web.<\/p>\n<p>La base legal per al tractament de les seves dades \u00e9s el consentiment obtingut del mateix titular del tractament en el moment d&#8217;emplenar el nostre formulari <em>online<\/em> i acceptar de forma expressa el mateix.<\/p>\n<p>La finalitat de la creaci\u00f3, exist\u00e8ncia i manteniment \u00e9s el tractament de la informaci\u00f3 amb les exclusives finalitats de poder fer efectiva la sol\u00b7licitud d&#8217;informaci\u00f3\/donatiu i\/o compra que es realitza a trav\u00e9s d&#8217;aquesta via.<\/p>\n<p>Els destinataris de la informaci\u00f3 s\u00f3n tots els departaments, compartiments, locals i entitats associades en els quals s&#8217;organitzen FUNDACION PEDRO FARNES, i no seran cedits a cap tercer excepte en els casos que existeix una obligaci\u00f3 legal.<\/p>\n<p>En tot cas, vost\u00e8 t\u00e9 dret a aconseguir la confirmaci\u00f3 sobre si a FUNDACION PEDRO FARNES , estem tractant les seves dades personals, per tant, t\u00e9 dret a accedir a les seves dades personals, rectificar les dades inexactes o sol\u00b7licitar-ne la supressi\u00f3 quan la informaci\u00f3 ja no sigui necess\u00e0ria.<\/p>\n<p>Tots els camps del formulari <em>online<\/em> son d&#8217;obligada complementaci\u00f3 per poder fer efectiva la seva sol\u00b7licitud d&#8217;informaci\u00f3 a excepci\u00f3 dels que estan marcats com a \u201copcionals\u201d.<\/p>\n<p>La Web <a href=\"https:\/\/www.fundacionpedrofarnes.org\">www.fundacionpedrofarnes.org<\/a> ha adoptat les mesures d&#8217;\u00edndole t\u00e8cnica i organitzatives necess\u00e0ries, segons el nivell de seguretat de protecci\u00f3 de dades que correspongui legalment, per garantir la seguretat del tractament de dades de car\u00e0cter personal que constitueix el seu tractament automatitzat. No obstant aix\u00f2, l&#8217;usuari ha de ser conscient que en l&#8217;actualitat les mesures de seguretat a Internet no s\u00f3n imprevisibles i, per tant, no estan exemptes de possibles intromissions il\u00b7legals i indegudes que no serien responsabilitat de FUNDACION PEDRO FARNES , ja que ha actuat amb la dilig\u00e8ncia deguda per protegir les dades segons determina la llei.<\/p>\n<p>La Web <a href=\"https:\/\/www.fundacionpedrofarnes.org\">www.fundacionpedrofarnes.org<\/a> utilitza <em>cookies<\/em> o altres procediments similars amb finalitats merament estad\u00edstiques. Aquestes informacions es capturen de forma autom\u00e0tica i an\u00f2nima, de manera que no \u00e9s possible identificar individualment a cap usuari. Els usuaris poden impedir el funcionament de les <em>cookies<\/em> mitjan\u00e7ant les opcions que tots els navegadors posen a la seva disposici\u00f3. Es recomana als usuaris que desitgen desactivar les <em>cookies<\/em> que consulten els sistemes d&#8217;ajuda dels navegadors que utilitzen<\/p>\n<p>La Web <a href=\"https:\/\/www.fundacionpedrofarnes.org\">www.fundacionpedrofarnes.org<\/a> far\u00e0 tot el possible perqu\u00e8 la seva informaci\u00f3 estigui sempre actualitzada. No obstant aix\u00f2, la responsabilitat sobre la qualitat de les dades dep\u00e8n del titular de les mateixes, d&#8217;aqu\u00ed que si existeix una modificaci\u00f3 de les dades, l&#8217;usuari de la web els comunicar\u00e0 al Responsable del Tractament, declinant tota responsabilitat en cas que ometi la seva obligaci\u00f3 de notificar els canvis.<\/p>\n<p>La prestaci\u00f3 del servei d&#8217;aquesta web i les presents condicions d&#8217;\u00fas del lloc web es regeixen per la Llei Espanyola. Per qualsevol discrep\u00e0ncia en l&#8217;execuci\u00f3, interpretaci\u00f3, compliment d&#8217;aquestes condicions, les parts se sotmeten als Jutjats i Tribunals competents.<\/p>\n","protected":false},"excerpt":{"rendered":"<p>El prop\u00f2sit d&#8217;aquest Av\u00eds Legal, \u00e9s informar els usuaris de www.fundacionpedrofarnes.org, domiciliada a, Passeig de les Lletres, 9, 2\u00ba 4\u00aa, 08221, Terrassa, la ra\u00f3 social del Responsable de tractament \u00e9s. <a href=\"https:\/\/fundacionpedrofarnes.org\/ca\/avis-legal\/\">Llegeix m\u00e9s<\/a><\/p>\n","protected":false},"author":1,"featured_media":0,"parent":0,"menu_order":0,"comment_status":"closed","ping_status":"closed","template":"","meta":{"_acf_changed":false,"_monsterinsights_skip_tracking":false,"_monsterinsights_sitenote_active":false,"_monsterinsights_sitenote_note":"","_monsterinsights_sitenote_category":0,"footnotes":""},"class_list":["post-693","page","type-page","status-publish","hentry"],"acf":[],"yoast_head":"<!-- This site is optimized with the Yoast SEO plugin v26.2 - https:\/\/yoast.com\/wordpress\/plugins\/seo\/ -->\n<title>Av\u00eds Legal | Fundaci\u00f3 Pedro Farn\u00e9s<\/title>\n<meta name=\"description\" content=\"Conegui com la Fundaci\u00f3 Pedro Farn\u00e9s protegeix la seva privadesa i dades personals segons el RGPD al nostre Av\u00eds Legal.\" \/>\n<meta name=\"robots\" content=\"noindex, follow\" \/>\n<meta property=\"og:locale\" content=\"ca_ES\" \/>\n<meta property=\"og:type\" content=\"article\" \/>\n<meta property=\"og:title\" content=\"Av\u00eds Legal | Fundaci\u00f3 Pedro Farn\u00e9s\" \/>\n<meta property=\"og:description\" content=\"Conegui com la Fundaci\u00f3 Pedro Farn\u00e9s protegeix la seva privadesa i dades personals segons el RGPD al nostre Av\u00eds Legal.\" \/>\n<meta property=\"og:url\" content=\"https:\/\/fundacionpedrofarnes.org\/ca\/avis-legal\/\" \/>\n<meta property=\"og:site_name\" content=\"Fundaci\u00f3 Pedro Farn\u00e9s\" \/>\n<meta property=\"article:modified_time\" content=\"2023-11-03T12:13:04+00:00\" \/>\n<meta property=\"og:image\" content=\"https:\/\/fundacionpedrofarnes.org\/wp-content\/uploads\/2023\/04\/logo.png\" \/>\n\t<meta property=\"og:image:width\" content=\"92\" \/>\n\t<meta property=\"og:image:height\" content=\"64\" \/>\n\t<meta property=\"og:image:type\" content=\"image\/png\" \/>\n<meta name=\"twitter:card\" content=\"summary_large_image\" \/>\n<meta name=\"twitter:title\" content=\"Av\u00eds Legal | Fundaci\u00f3 Pedro Farn\u00e9s\" \/>\n<meta name=\"twitter:description\" content=\"Conegui com la Fundaci\u00f3 Pedro Farn\u00e9s protegeix la seva privadesa i dades personals segons el RGPD al nostre Av\u00eds Legal.\" \/>\n<meta name=\"twitter:label1\" content=\"Temps estimat de lectura\" \/>\n\t<meta name=\"twitter:data1\" content=\"3 minuts\" \/>\n<script type=\"application\/ld+json\" class=\"yoast-schema-graph\">{\"@context\":\"https:\/\/schema.org\",\"@graph\":[{\"@type\":\"WebPage\",\"@id\":\"https:\/\/fundacionpedrofarnes.org\/ca\/avis-legal\/\",\"url\":\"https:\/\/fundacionpedrofarnes.org\/ca\/avis-legal\/\",\"name\":\"Av\u00eds Legal | Fundaci\u00f3 Pedro Farn\u00e9s\",\"isPartOf\":{\"@id\":\"https:\/\/fundacionpedrofarnes.org\/ca\/#website\"},\"datePublished\":\"2023-04-20T10:36:08+00:00\",\"dateModified\":\"2023-11-03T12:13:04+00:00\",\"description\":\"Conegui com la Fundaci\u00f3 Pedro Farn\u00e9s protegeix la seva privadesa i dades personals segons el RGPD al nostre Av\u00eds Legal.\",\"breadcrumb\":{\"@id\":\"https:\/\/fundacionpedrofarnes.org\/ca\/avis-legal\/#breadcrumb\"},\"inLanguage\":\"ca\",\"potentialAction\":[{\"@type\":\"ReadAction\",\"target\":[\"https:\/\/fundacionpedrofarnes.org\/ca\/avis-legal\/\"]}]},{\"@type\":\"BreadcrumbList\",\"@id\":\"https:\/\/fundacionpedrofarnes.org\/ca\/avis-legal\/#breadcrumb\",\"itemListElement\":[{\"@type\":\"ListItem\",\"position\":1,\"name\":\"Home\",\"item\":\"https:\/\/fundacionpedrofarnes.org\/ca\/\"},{\"@type\":\"ListItem\",\"position\":2,\"name\":\"Av\u00eds legal\"}]},{\"@type\":\"WebSite\",\"@id\":\"https:\/\/fundacionpedrofarnes.org\/ca\/#website\",\"url\":\"https:\/\/fundacionpedrofarnes.org\/ca\/\",\"name\":\"Fundaci\u00f3 Pedro Farn\u00e9s\",\"description\":\"\",\"publisher\":{\"@id\":\"https:\/\/fundacionpedrofarnes.org\/ca\/#organization\"},\"potentialAction\":[{\"@type\":\"SearchAction\",\"target\":{\"@type\":\"EntryPoint\",\"urlTemplate\":\"https:\/\/fundacionpedrofarnes.org\/ca\/?s={search_term_string}\"},\"query-input\":{\"@type\":\"PropertyValueSpecification\",\"valueRequired\":true,\"valueName\":\"search_term_string\"}}],\"inLanguage\":\"ca\"},{\"@type\":\"Organization\",\"@id\":\"https:\/\/fundacionpedrofarnes.org\/ca\/#organization\",\"name\":\"Fundaci\u00f3 Pedro Farn\u00e9s\",\"url\":\"https:\/\/fundacionpedrofarnes.org\/ca\/\",\"logo\":{\"@type\":\"ImageObject\",\"inLanguage\":\"ca\",\"@id\":\"https:\/\/fundacionpedrofarnes.org\/ca\/#\/schema\/logo\/image\/\",\"url\":\"https:\/\/fundacionpedrofarnes.org\/wp-content\/uploads\/2023\/04\/logo.png\",\"contentUrl\":\"https:\/\/fundacionpedrofarnes.org\/wp-content\/uploads\/2023\/04\/logo.png\",\"width\":92,\"height\":64,\"caption\":\"Fundaci\u00f3 Pedro Farn\u00e9s\"},\"image\":{\"@id\":\"https:\/\/fundacionpedrofarnes.org\/ca\/#\/schema\/logo\/image\/\"}}]}<\/script>\n<!-- \/ Yoast SEO plugin. -->","yoast_head_json":{"title":"Av\u00eds Legal | Fundaci\u00f3 Pedro Farn\u00e9s","description":"Conegui com la Fundaci\u00f3 Pedro Farn\u00e9s protegeix la seva privadesa i dades personals segons el RGPD al nostre Av\u00eds Legal.","robots":{"index":"noindex","follow":"follow"},"og_locale":"ca_ES","og_type":"article","og_title":"Av\u00eds Legal | Fundaci\u00f3 Pedro Farn\u00e9s","og_description":"Conegui com la Fundaci\u00f3 Pedro Farn\u00e9s protegeix la seva privadesa i dades personals segons el RGPD al nostre Av\u00eds Legal.","og_url":"https:\/\/fundacionpedrofarnes.org\/ca\/avis-legal\/","og_site_name":"Fundaci\u00f3 Pedro Farn\u00e9s","article_modified_time":"2023-11-03T12:13:04+00:00","og_image":[{"width":92,"height":64,"url":"https:\/\/fundacionpedrofarnes.org\/wp-content\/uploads\/2023\/04\/logo.png","type":"image\/png"}],"twitter_card":"summary_large_image","twitter_title":"Av\u00eds Legal | Fundaci\u00f3 Pedro Farn\u00e9s","twitter_description":"Conegui com la Fundaci\u00f3 Pedro Farn\u00e9s protegeix la seva privadesa i dades personals segons el RGPD al nostre Av\u00eds Legal.","twitter_misc":{"Temps estimat de lectura":"3 minuts"},"schema":{"@context":"https:\/\/schema.org","@graph":[{"@type":"WebPage","@id":"https:\/\/fundacionpedrofarnes.org\/ca\/avis-legal\/","url":"https:\/\/fundacionpedrofarnes.org\/ca\/avis-legal\/","name":"Av\u00eds Legal | Fundaci\u00f3 Pedro Farn\u00e9s","isPartOf":{"@id":"https:\/\/fundacionpedrofarnes.org\/ca\/#website"},"datePublished":"2023-04-20T10:36:08+00:00","dateModified":"2023-11-03T12:13:04+00:00","description":"Conegui com la Fundaci\u00f3 Pedro Farn\u00e9s protegeix la seva privadesa i dades personals segons el RGPD al nostre Av\u00eds Legal.","breadcrumb":{"@id":"https:\/\/fundacionpedrofarnes.org\/ca\/avis-legal\/#breadcrumb"},"inLanguage":"ca","potentialAction":[{"@type":"ReadAction","target":["https:\/\/fundacionpedrofarnes.org\/ca\/avis-legal\/"]}]},{"@type":"BreadcrumbList","@id":"https:\/\/fundacionpedrofarnes.org\/ca\/avis-legal\/#breadcrumb","itemListElement":[{"@type":"ListItem","position":1,"name":"Home","item":"https:\/\/fundacionpedrofarnes.org\/ca\/"},{"@type":"ListItem","position":2,"name":"Av\u00eds legal"}]},{"@type":"WebSite","@id":"https:\/\/fundacionpedrofarnes.org\/ca\/#website","url":"https:\/\/fundacionpedrofarnes.org\/ca\/","name":"Fundaci\u00f3 Pedro Farn\u00e9s","description":"","publisher":{"@id":"https:\/\/fundacionpedrofarnes.org\/ca\/#organization"},"potentialAction":[{"@type":"SearchAction","target":{"@type":"EntryPoint","urlTemplate":"https:\/\/fundacionpedrofarnes.org\/ca\/?s={search_term_string}"},"query-input":{"@type":"PropertyValueSpecification","valueRequired":true,"valueName":"search_term_string"}}],"inLanguage":"ca"},{"@type":"Organization","@id":"https:\/\/fundacionpedrofarnes.org\/ca\/#organization","name":"Fundaci\u00f3 Pedro Farn\u00e9s","url":"https:\/\/fundacionpedrofarnes.org\/ca\/","logo":{"@type":"ImageObject","inLanguage":"ca","@id":"https:\/\/fundacionpedrofarnes.org\/ca\/#\/schema\/logo\/image\/","url":"https:\/\/fundacionpedrofarnes.org\/wp-content\/uploads\/2023\/04\/logo.png","contentUrl":"https:\/\/fundacionpedrofarnes.org\/wp-content\/uploads\/2023\/04\/logo.png","width":92,"height":64,"caption":"Fundaci\u00f3 Pedro Farn\u00e9s"},"image":{"@id":"https:\/\/fundacionpedrofarnes.org\/ca\/#\/schema\/logo\/image\/"}}]}},"_links":{"self":[{"href":"https:\/\/fundacionpedrofarnes.org\/ca\/wp-json\/wp\/v2\/pages\/693","targetHints":{"allow":["GET"]}}],"collection":[{"href":"https:\/\/fundacionpedrofarnes.org\/ca\/wp-json\/wp\/v2\/pages"}],"about":[{"href":"https:\/\/fundacionpedrofarnes.org\/ca\/wp-json\/wp\/v2\/types\/page"}],"author":[{"embeddable":true,"href":"https:\/\/fundacionpedrofarnes.org\/ca\/wp-json\/wp\/v2\/users\/1"}],"replies":[{"embeddable":true,"href":"https:\/\/fundacionpedrofarnes.org\/ca\/wp-json\/wp\/v2\/comments?post=693"}],"version-history":[{"count":2,"href":"https:\/\/fundacionpedrofarnes.org\/ca\/wp-json\/wp\/v2\/pages\/693\/revisions"}],"predecessor-version":[{"id":851,"href":"https:\/\/fundacionpedrofarnes.org\/ca\/wp-json\/wp\/v2\/pages\/693\/revisions\/851"}],"wp:attachment":[{"href":"https:\/\/fundacionpedrofarnes.org\/ca\/wp-json\/wp\/v2\/media?parent=693"}],"curies":[{"name":"wp","href":"https:\/\/api.w.org\/{rel}","templated":true}]}}